{"id":54538,"date":"2024-11-26T11:50:48","date_gmt":"2024-11-26T14:50:48","guid":{"rendered":"https:\/\/123empregos.com.br\/blog\/?page_id=54538"},"modified":"2024-11-26T16:26:23","modified_gmt":"2024-11-26T19:26:23","slug":"equipe","status":"publish","type":"page","link":"https:\/\/99empregos.com.br\/blog\/equipe\/","title":{"rendered":"Equipe"},"content":{"rendered":"<p>[vc_row][vc_column]<div class=\" bs-listing bs-listing-user-listing-4 bs-listing-single-tab\">\t\t<h3 class=\"section-heading sh-t1 sh-s1 main-term-none\">\r\n\r\n\t\t\r\n\t\t\t\t\t\t\t<span class=\"h-text main-term-none main-link\">\r\n\t\t\t\t\t\tCoordena\u00e7\u00e3o\t\t\t\t\t<\/span>\r\n\t\t\t\r\n\t\t\r\n\t\t<\/h3>\r\n\t\t\r\n\t<div class=\"listing listing-user type-2 style-1 columns-2 clearfix\">\r\n\t\t<div class=\"listing-item listing-item-user type-2 style-1 clearfix\">\r\n\t<div class=\"bs-user-item\">\r\n\r\n\t\t<div class=\"user-avatar\">\r\n\t\t\t<a href=\"https:\/\/99empregos.com.br\/blog\/author\/adriano\/\">\r\n\t\t\t\t<img alt='' src='https:\/\/99empregos.com.br\/blog\/wp-content\/uploads\/2022\/07\/cropped-favicon-150x150.jpg' class='avatar avatar-100 photo avatar-default' height='100' width='100' \/>\t\t\t<\/a>\r\n\t\t<\/div>\r\n\r\n\t\t<div class=\"user-meta\">\r\n\t\t\t<h5 class=\"user-display-name\"><a href=\"https:\/\/99empregos.com.br\/blog\/author\/adriano\/\">Adriano Sena<\/a><\/h5>\t\t\t\t<div class=\"biography\">\r\n\t\t\t\t\t<p>Graduado em Ci\u00eancia da Computa\u00e7\u00e3o. P\u00f3s Graduado em Educa\u00e7\u00e3o \u00e0&hellip;<\/p>\n\t\t\t\t<\/div>\r\n\t\t\t\t\t<ul class=\"user-social-icons\">\n\t\t\t\t\t\t\t<li class=\"social-item site\">\n\t\t\t\t\t<a href=\"https:\/\/123empregos.com.br\/blog\" target=\"_blank\" rel=\"nofollow noreferrer noopener\"><i class=\"fa fa-globe\"><\/i><\/a>\n\t\t\t\t<\/li>\n\t\t\t\t\t\t<\/ul>\n\t\t\t\t\t\t<a href=\"https:\/\/99empregos.com.br\/blog\/author\/adriano\/\" class=\"btn btn-light\">Ver Todos Posts<\/a>\r\n\t\t\t\t\t\t<\/div>\r\n\r\n\t<\/div>\r\n<\/div>\r\n<div class=\"listing-item listing-item-user type-2 style-1 clearfix\">\r\n\t<div class=\"bs-user-item\">\r\n\r\n\t\t<div class=\"user-avatar\">\r\n\t\t\t<a href=\"https:\/\/99empregos.com.br\/blog\/author\/gorete\/\">\r\n\t\t\t\t<img alt='' src='https:\/\/99empregos.com.br\/blog\/wp-content\/uploads\/2024\/03\/noticiasconcursos.com_.br-foto-150x150-1.jpeg' class='avatar avatar-100 photo avatar-default' height='100' width='100' \/>\t\t\t<\/a>\r\n\t\t<\/div>\r\n\r\n\t\t<div class=\"user-meta\">\r\n\t\t\t<h5 class=\"user-display-name\"><a href=\"https:\/\/99empregos.com.br\/blog\/author\/gorete\/\">Gorete Costa<\/a><\/h5>\t\t\t\t<div class=\"biography\">\r\n\t\t\t\t\t<p>Graduada em Servi\u00e7o Social pela Universidade do Norte do Paran\u00e1&hellip;<\/p>\n\t\t\t\t<\/div>\r\n\t\t\t\t\t<ul class=\"user-social-icons\">\n\t\t\t\t\t<\/ul>\n\t\t\t\t\t\t<a href=\"https:\/\/99empregos.com.br\/blog\/author\/gorete\/\" class=\"btn btn-light\">Ver Todos Posts<\/a>\r\n\t\t\t\t\t\t<\/div>\r\n\r\n\t<\/div>\r\n<\/div>\r\n\t<\/div>\r\n<\/div><div class=\" bs-listing bs-listing-user-listing-4 bs-listing-single-tab\">\t\t<h3 class=\"section-heading sh-t1 sh-s1 main-term-none\">\r\n\r\n\t\t\r\n\t\t\t\t\t\t\t<span class=\"h-text main-term-none main-link\">\r\n\t\t\t\t\t\tReda\u00e7\u00e3o\t\t\t\t\t<\/span>\r\n\t\t\t\r\n\t\t\r\n\t\t<\/h3>\r\n\t\t\r\n\t<div class=\"listing listing-user type-2 style-1 columns-3 clearfix\">\r\n\t\t<div class=\"listing-item listing-item-user type-2 style-1 clearfix\">\r\n\t<div class=\"bs-user-item\">\r\n\r\n\t\t<div class=\"user-avatar\">\r\n\t\t\t<a href=\"https:\/\/99empregos.com.br\/blog\/author\/luiza\/\">\r\n\t\t\t\t<img alt='' src='https:\/\/99empregos.com.br\/blog\/wp-content\/uploads\/2024\/03\/38d34427bd4087f8733435697a951d0e-150x150.png' class='avatar avatar-100 photo avatar-default' height='100' width='100' \/>\t\t\t<\/a>\r\n\t\t<\/div>\r\n\r\n\t\t<div class=\"user-meta\">\r\n\t\t\t<h5 class=\"user-display-name\"><a href=\"https:\/\/99empregos.com.br\/blog\/author\/luiza\/\">Luiza Araujo<\/a><\/h5>\t\t\t\t<div class=\"biography\">\r\n\t\t\t\t\t\t\t\t\t<\/div>\r\n\t\t\t\t\t<ul class=\"user-social-icons\">\n\t\t\t\t\t<\/ul>\n\t\t\t\t\t\t<a href=\"https:\/\/99empregos.com.br\/blog\/author\/luiza\/\" class=\"btn btn-light\">Ver Todos Posts<\/a>\r\n\t\t\t\t\t\t<\/div>\r\n\r\n\t<\/div>\r\n<\/div>\r\n<div class=\"listing-item listing-item-user type-2 style-1 clearfix\">\r\n\t<div class=\"bs-user-item\">\r\n\r\n\t\t<div class=\"user-avatar\">\r\n\t\t\t<a href=\"https:\/\/99empregos.com.br\/blog\/author\/gorete\/\">\r\n\t\t\t\t<img alt='' src='https:\/\/99empregos.com.br\/blog\/wp-content\/uploads\/2024\/03\/noticiasconcursos.com_.br-foto-150x150-1.jpeg' class='avatar avatar-100 photo avatar-default' height='100' width='100' \/>\t\t\t<\/a>\r\n\t\t<\/div>\r\n\r\n\t\t<div class=\"user-meta\">\r\n\t\t\t<h5 class=\"user-display-name\"><a href=\"https:\/\/99empregos.com.br\/blog\/author\/gorete\/\">Gorete Costa<\/a><\/h5>\t\t\t\t<div class=\"biography\">\r\n\t\t\t\t\t<p>Graduada em Servi\u00e7o Social pela Universidade do Norte do Paran\u00e1&hellip;<\/p>\n\t\t\t\t<\/div>\r\n\t\t\t\t\t<ul class=\"user-social-icons\">\n\t\t\t\t\t<\/ul>\n\t\t\t\t\t\t<a href=\"https:\/\/99empregos.com.br\/blog\/author\/gorete\/\" class=\"btn btn-light\">Ver Todos Posts<\/a>\r\n\t\t\t\t\t\t<\/div>\r\n\r\n\t<\/div>\r\n<\/div>\r\n<div class=\"listing-item listing-item-user type-2 style-1 clearfix\">\r\n\t<div class=\"bs-user-item\">\r\n\r\n\t\t<div class=\"user-avatar\">\r\n\t\t\t<a href=\"https:\/\/99empregos.com.br\/blog\/author\/eduardo\/\">\r\n\t\t\t\t<img alt='' src='https:\/\/secure.gravatar.com\/avatar\/6b4d44067305b8e4c29ce5748b73df43357da99216969c11ac44d194c7d5c6d3?s=100&d=mm&r=g' class='avatar avatar-100 photo avatar-default' height='100' width='100' \/>\t\t\t<\/a>\r\n\t\t<\/div>\r\n\r\n\t\t<div class=\"user-meta\">\r\n\t\t\t<h5 class=\"user-display-name\"><a href=\"https:\/\/99empregos.com.br\/blog\/author\/eduardo\/\">Eduardo Matos<\/a><\/h5>\t\t\t\t<div class=\"biography\">\r\n\t\t\t\t\t\t\t\t\t<\/div>\r\n\t\t\t\t\t<ul class=\"user-social-icons\">\n\t\t\t\t\t<\/ul>\n\t\t\t\t\t\t<a href=\"https:\/\/99empregos.com.br\/blog\/author\/eduardo\/\" class=\"btn btn-light\">Ver Todos Posts<\/a>\r\n\t\t\t\t\t\t<\/div>\r\n\r\n\t<\/div>\r\n<\/div>\r\n<div class=\"listing-item listing-item-user type-2 style-1 clearfix\">\r\n\t<div class=\"bs-user-item\">\r\n\r\n\t\t<div class=\"user-avatar\">\r\n\t\t\t<a href=\"https:\/\/99empregos.com.br\/blog\/author\/isabelli\/\">\r\n\t\t\t\t<img alt='' src='https:\/\/99empregos.com.br\/blog\/wp-content\/uploads\/2024\/06\/WhatsApp-Image-2024-06-10-at-16.21.18-150x150.jpeg' class='avatar avatar-100 photo avatar-default' height='100' width='100' \/>\t\t\t<\/a>\r\n\t\t<\/div>\r\n\r\n\t\t<div class=\"user-meta\">\r\n\t\t\t<h5 class=\"user-display-name\"><a href=\"https:\/\/99empregos.com.br\/blog\/author\/isabelli\/\">Isabelli Ferreira<\/a><\/h5>\t\t\t\t<div class=\"biography\">\r\n\t\t\t\t\t<p>Graduanda em LETRAS Vern\u00e1culas pela Universidade do Estado da&hellip;<\/p>\n\t\t\t\t<\/div>\r\n\t\t\t\t\t<ul class=\"user-social-icons\">\n\t\t\t\t\t<\/ul>\n\t\t\t\t\t\t<a href=\"https:\/\/99empregos.com.br\/blog\/author\/isabelli\/\" class=\"btn btn-light\">Ver Todos Posts<\/a>\r\n\t\t\t\t\t\t<\/div>\r\n\r\n\t<\/div>\r\n<\/div>\r\n<div class=\"listing-item listing-item-user type-2 style-1 clearfix\">\r\n\t<div class=\"bs-user-item\">\r\n\r\n\t\t<div class=\"user-avatar\">\r\n\t\t\t<a href=\"https:\/\/99empregos.com.br\/blog\/author\/leandro\/\">\r\n\t\t\t\t<img alt='' src='https:\/\/99empregos.com.br\/blog\/wp-content\/uploads\/2024\/09\/Leandro-Macedo-150x150-1.jpg' class='avatar avatar-100 photo avatar-default' height='100' width='100' \/>\t\t\t<\/a>\r\n\t\t<\/div>\r\n\r\n\t\t<div class=\"user-meta\">\r\n\t\t\t<h5 class=\"user-display-name\"><a href=\"https:\/\/99empregos.com.br\/blog\/author\/leandro\/\">Leandro Macedo<\/a><\/h5>\t\t\t\t<div class=\"biography\">\r\n\t\t\t\t\t<p>Graduando em Marketing. Especialista de conte\u00fados web<\/p>\n\t\t\t\t<\/div>\r\n\t\t\t\t\t<ul class=\"user-social-icons\">\n\t\t\t\t\t<\/ul>\n\t\t\t\t\t\t<a href=\"https:\/\/99empregos.com.br\/blog\/author\/leandro\/\" class=\"btn btn-light\">Ver Todos Posts<\/a>\r\n\t\t\t\t\t\t<\/div>\r\n\r\n\t<\/div>\r\n<\/div>\r\n<div class=\"listing-item listing-item-user type-2 style-1 clearfix\">\r\n\t<div class=\"bs-user-item\">\r\n\r\n\t\t<div class=\"user-avatar\">\r\n\t\t\t<a href=\"https:\/\/99empregos.com.br\/blog\/author\/thais2\/\">\r\n\t\t\t\t<img alt='' src='https:\/\/99empregos.com.br\/blog\/wp-content\/uploads\/2024\/09\/WhatsApp-Image-2024-08-22-at-11.28.36-150x150.jpeg' class='avatar avatar-100 photo avatar-default' height='100' width='100' \/>\t\t\t<\/a>\r\n\t\t<\/div>\r\n\r\n\t\t<div class=\"user-meta\">\r\n\t\t\t<h5 class=\"user-display-name\"><a href=\"https:\/\/99empregos.com.br\/blog\/author\/thais2\/\">Thais Reis<\/a><\/h5>\t\t\t\t<div class=\"biography\">\r\n\t\t\t\t\t<p>Graduanda em Pedagogia pela Faculdade Jardins. Redatora do grupo&hellip;<\/p>\n\t\t\t\t<\/div>\r\n\t\t\t\t\t<ul class=\"user-social-icons\">\n\t\t\t\t\t<\/ul>\n\t\t\t\t\t\t<a href=\"https:\/\/99empregos.com.br\/blog\/author\/thais2\/\" class=\"btn btn-light\">Ver Todos Posts<\/a>\r\n\t\t\t\t\t\t<\/div>\r\n\r\n\t<\/div>\r\n<\/div>\r\n<div class=\"listing-item listing-item-user type-2 style-1 clearfix\">\r\n\t<div class=\"bs-user-item\">\r\n\r\n\t\t<div class=\"user-avatar\">\r\n\t\t\t<a href=\"https:\/\/99empregos.com.br\/blog\/author\/fabiana\/\">\r\n\t\t\t\t<img alt='' src='https:\/\/secure.gravatar.com\/avatar\/8c191b4b41b74baf1cfa8a181940e9fdd7cad505b5a5ff7625ddbc51c5b025bc?s=100&d=mm&r=g' class='avatar avatar-100 photo avatar-default' height='100' width='100' \/>\t\t\t<\/a>\r\n\t\t<\/div>\r\n\r\n\t\t<div class=\"user-meta\">\r\n\t\t\t<h5 class=\"user-display-name\"><a href=\"https:\/\/99empregos.com.br\/blog\/author\/fabiana\/\">Fabiana Moreira<\/a><\/h5>\t\t\t\t<div class=\"biography\">\r\n\t\t\t\t\t\t\t\t\t<\/div>\r\n\t\t\t\t\t<ul class=\"user-social-icons\">\n\t\t\t\t\t<\/ul>\n\t\t\t\t\t\t<a href=\"https:\/\/99empregos.com.br\/blog\/author\/fabiana\/\" class=\"btn btn-light\">Ver Todos Posts<\/a>\r\n\t\t\t\t\t\t<\/div>\r\n\r\n\t<\/div>\r\n<\/div>\r\n<div class=\"listing-item listing-item-user type-2 style-1 clearfix\">\r\n\t<div class=\"bs-user-item\">\r\n\r\n\t\t<div class=\"user-avatar\">\r\n\t\t\t<a href=\"https:\/\/99empregos.com.br\/blog\/author\/igor\/\">\r\n\t\t\t\t<img alt='' src='https:\/\/99empregos.com.br\/blog\/wp-content\/uploads\/2024\/04\/igormaced-150x150-1.jpg' class='avatar avatar-100 photo avatar-default' height='100' width='100' \/>\t\t\t<\/a>\r\n\t\t<\/div>\r\n\r\n\t\t<div class=\"user-meta\">\r\n\t\t\t<h5 class=\"user-display-name\"><a href=\"https:\/\/99empregos.com.br\/blog\/author\/igor\/\">Igor Macedo<\/a><\/h5>\t\t\t\t<div class=\"biography\">\r\n\t\t\t\t\t<p>Especialista de conte\u00fado web, com milhares de textos publicados.<\/p>\n\t\t\t\t<\/div>\r\n\t\t\t\t\t<ul class=\"user-social-icons\">\n\t\t\t\t\t<\/ul>\n\t\t\t\t\t\t<a href=\"https:\/\/99empregos.com.br\/blog\/author\/igor\/\" class=\"btn btn-light\">Ver Todos Posts<\/a>\r\n\t\t\t\t\t\t<\/div>\r\n\r\n\t<\/div>\r\n<\/div>\r\n<div class=\"listing-item listing-item-user type-2 style-1 clearfix\">\r\n\t<div class=\"bs-user-item\">\r\n\r\n\t\t<div class=\"user-avatar\">\r\n\t\t\t<a href=\"https:\/\/99empregos.com.br\/blog\/author\/giovanna\/\">\r\n\t\t\t\t<img alt='' src='https:\/\/secure.gravatar.com\/avatar\/1ca14eb5cbea09ff963e7d56f3e0b310fd55dac75a0c110f3b010ae6df7a3e46?s=100&d=mm&r=g' class='avatar avatar-100 photo avatar-default' height='100' width='100' \/>\t\t\t<\/a>\r\n\t\t<\/div>\r\n\r\n\t\t<div class=\"user-meta\">\r\n\t\t\t<h5 class=\"user-display-name\"><a href=\"https:\/\/99empregos.com.br\/blog\/author\/giovanna\/\">Giovanna .<\/a><\/h5>\t\t\t\t<div class=\"biography\">\r\n\t\t\t\t\t\t\t\t\t<\/div>\r\n\t\t\t\t\t<ul class=\"user-social-icons\">\n\t\t\t\t\t<\/ul>\n\t\t\t\t\t\t<a href=\"https:\/\/99empregos.com.br\/blog\/author\/giovanna\/\" class=\"btn btn-light\">Ver Todos Posts<\/a>\r\n\t\t\t\t\t\t<\/div>\r\n\r\n\t<\/div>\r\n<\/div>\r\n<div class=\"listing-item listing-item-user type-2 style-1 clearfix\">\r\n\t<div class=\"bs-user-item\">\r\n\r\n\t\t<div class=\"user-avatar\">\r\n\t\t\t<a href=\"https:\/\/99empregos.com.br\/blog\/author\/fatima\/\">\r\n\t\t\t\t<img alt='' src='https:\/\/secure.gravatar.com\/avatar\/ea820c84e212573cc3f119ba576278fe7ad07b69ed7ca0c33223662227bb77ca?s=100&d=mm&r=g' class='avatar avatar-100 photo avatar-default' height='100' width='100' \/>\t\t\t<\/a>\r\n\t\t<\/div>\r\n\r\n\t\t<div class=\"user-meta\">\r\n\t\t\t<h5 class=\"user-display-name\"><a href=\"https:\/\/99empregos.com.br\/blog\/author\/fatima\/\">Fatima Azevedo<\/a><\/h5>\t\t\t\t<div class=\"biography\">\r\n\t\t\t\t\t\t\t\t\t<\/div>\r\n\t\t\t\t\t<ul class=\"user-social-icons\">\n\t\t\t\t\t<\/ul>\n\t\t\t\t\t\t<a href=\"https:\/\/99empregos.com.br\/blog\/author\/fatima\/\" class=\"btn btn-light\">Ver Todos Posts<\/a>\r\n\t\t\t\t\t\t<\/div>\r\n\r\n\t<\/div>\r\n<\/div>\r\n\t<\/div>\r\n<\/div>[\/vc_column][\/vc_row]<\/p>\n","protected":false},"excerpt":{"rendered":"<p>[vc_row][vc_column][\/vc_column][\/vc_row]<\/p>\n","protected":false},"author":1,"featured_media":0,"parent":0,"menu_order":0,"comment_status":"closed","ping_status":"closed","template":"","meta":{"footnotes":""},"class_list":["post-54538","page","type-page","status-publish","hentry"],"_links":{"self":[{"href":"https:\/\/99empregos.com.br\/blog\/wp-json\/wp\/v2\/pages\/54538","targetHints":{"allow":["GET"]}}],"collection":[{"href":"https:\/\/99empregos.com.br\/blog\/wp-json\/wp\/v2\/pages"}],"about":[{"href":"https:\/\/99empregos.com.br\/blog\/wp-json\/wp\/v2\/types\/page"}],"author":[{"embeddable":true,"href":"https:\/\/99empregos.com.br\/blog\/wp-json\/wp\/v2\/users\/1"}],"replies":[{"embeddable":true,"href":"https:\/\/99empregos.com.br\/blog\/wp-json\/wp\/v2\/comments?post=54538"}],"version-history":[{"count":0,"href":"https:\/\/99empregos.com.br\/blog\/wp-json\/wp\/v2\/pages\/54538\/revisions"}],"wp:attachment":[{"href":"https:\/\/99empregos.com.br\/blog\/wp-json\/wp\/v2\/media?parent=54538"}],"curies":[{"name":"wp","href":"https:\/\/api.w.org\/{rel}","templated":true}]}}